{"id":2455,"date":"2015-02-04T20:32:54","date_gmt":"2015-02-04T18:32:54","guid":{"rendered":"http:\/\/eret-tortechnik.de\/wordpress_2020\/?page_id=2455"},"modified":"2021-03-04T12:51:55","modified_gmt":"2021-03-04T10:51:55","slug":"vorfeldabsicherung-plus-fuer-schnelllauftore","status":"publish","type":"page","link":"https:\/\/eret-tortechnik.de\/en\/vorfeldabsicherung-plus-fuer-schnelllauftore\/","title":{"rendered":"Vorfeldabsicherung plus f\u00fcr schnelllauftore"},"content":{"rendered":"<p>[et_pb_section admin_label=&#8220;section&#8220;]<br \/>\n\t\t\t[et_pb_row admin_label=&#8220;row&#8220;]<br \/>\n\t\t\t\t[et_pb_column type=&#8220;4_4&#8243;][et_pb_text admin_label=&#8220;Text&#8220;]<\/p>\n<h1><img loading=\"lazy\" decoding=\"async\" class=\" wp-image-2295 alignleft\" src=\"http:\/\/eret-tortechnik.de\/wp-content\/uploads\/2015\/01\/vorfeldsicherung_plus-300x300.jpg\" alt=\"vorfeldsicherung_plus\" width=\"200\" height=\"200\" srcset=\"https:\/\/eret-tortechnik.de\/wp-content\/uploads\/2015\/01\/vorfeldsicherung_plus.jpg 300w, https:\/\/eret-tortechnik.de\/wp-content\/uploads\/2015\/01\/vorfeldsicherung_plus-150x150.jpg 150w\" sizes=\"(max-width: 200px) 100vw, 200px\" \/><a href=\"http:\/\/eret-tortechnik.de\/wp-content\/uploads\/2015\/09\/Vorfeldabsicherung_plus_condor_eret.pdf\"><img loading=\"lazy\" decoding=\"async\" class=\"wp-image-3143 alignright\" src=\"http:\/\/eret-tortechnik.de\/wp-content\/uploads\/2015\/09\/Bildschirmfoto-2015-09-04-um-10.37.07-212x300.png\" alt=\"Bildschirmfoto 2015-09-04 um 10.37.07\" width=\"250\" height=\"354\" srcset=\"https:\/\/eret-tortechnik.de\/wp-content\/uploads\/2015\/09\/Bildschirmfoto-2015-09-04-um-10.37.07-212x300.png 212w, https:\/\/eret-tortechnik.de\/wp-content\/uploads\/2015\/09\/Bildschirmfoto-2015-09-04-um-10.37.07-725x1024.png 725w, https:\/\/eret-tortechnik.de\/wp-content\/uploads\/2015\/09\/Bildschirmfoto-2015-09-04-um-10.37.07.png 896w\" sizes=\"(max-width: 250px) 100vw, 250px\" \/><\/a><br \/>\nVorfeld &#8211; Absicherung &#8222;PLUS&#8220;<\/h1>\n<h2>&#8222;Automatisches \u00d6ffnen und aktiver Vorfeld-Schutz&#8220;<\/h2>\n<h2>Sofortiges Schlie\u00dfen nach Durchfahren der \u00d6ffnung<\/h2>\n<p>&nbsp;<\/p>\n<p>Vorfeld-Sicherung &#8222;PLUS&#8220; beinhaltet:<\/p>\n<ul>\n<li style=\"text-align: left;\">beidseitige,\u00a0richtungserkennende Radar-Bewegungsmelder \u00f6ffnen das Tor<\/li>\n<li style=\"text-align: left;\">beidseitige\u00a0Infrarot-Pr\u00e4senzmelder sichern das Umfeld des Tores ab<\/li>\n<\/ul>\n<p>Durch diesen kombinierten Einsatz wird das Tor bei Ann\u00e4herung schnell ge\u00f6ffnet und genau so lange offen gehalten, wie der Transport es erfordert. Anschlie\u00dfend ohne Zeitverz\u00f6gerung geschlossen. Die Pr\u00e4senz im direkten Umfeld des Tores wird dabei ber\u00fccksichtigt.<\/p>\n<ul>\n<li style=\"text-align: left;\">incl. 2 Befestigungs-Konsolen, L=300 mm zur Wand- und Deckenmontage<\/li>\n<li style=\"text-align: left;\">incl. Kabelsatz zum Anschluss an TS971, TS981, FUEx u.a.<\/li>\n<li style=\"text-align: left;\">incl. ggf. verst\u00e4rkter Trafo zur Spannungsversorgung<\/li>\n<li style=\"text-align: left;\">platzsparend: Radar und Infrarot als Kombiger\u00e4t in einer Einheit<\/li>\n<\/ul>\n<table>\n<tbody>\n<tr>\n<td>\n<h1 style=\"text-align: left;\">Funktion(en):<\/h1>\n<\/td>\n<td><\/td>\n<\/tr>\n<tr>\n<td style=\"text-align: left;\">\n<h3 style=\"text-align: right;\">1. Radar Bewegungsmelder, richtungserkennend<\/h3>\n<p style=\"text-align: right;\">Erkennt auf das Tor zufahrenden Verkehr und Personen und \u00f6ffnet das Tor.<\/p>\n<\/td>\n<td><a href=\"http:\/\/eret-tortechnik.de\/wp-content\/uploads\/2015\/02\/IND_application_falcon_falconxl_05.png\"><img loading=\"lazy\" decoding=\"async\" class=\"alignnone wp-image-2456\" src=\"http:\/\/eret-tortechnik.de\/wp-content\/uploads\/2015\/02\/IND_application_falcon_falconxl_05-275x300.png\" alt=\"IND_application_falcon_falconxl_05\" width=\"137\" height=\"150\" srcset=\"https:\/\/eret-tortechnik.de\/wp-content\/uploads\/2015\/02\/IND_application_falcon_falconxl_05-275x300.png 275w, https:\/\/eret-tortechnik.de\/wp-content\/uploads\/2015\/02\/IND_application_falcon_falconxl_05-939x1024.png 939w, https:\/\/eret-tortechnik.de\/wp-content\/uploads\/2015\/02\/IND_application_falcon_falconxl_05.png 1656w\" sizes=\"(max-width: 137px) 100vw, 137px\" \/><\/a><\/td>\n<\/tr>\n<tr>\n<td style=\"text-align: left;\">\n<h3 style=\"text-align: right;\">2. Querverkehr<\/h3>\n<p style=\"text-align: right;\">Parallel zum Tor gehender Verkehr kann (weitgehend) ausgeblendet werden. Das Tor \u00f6ffnet nicht.<\/p>\n<\/td>\n<td><a href=\"http:\/\/eret-tortechnik.de\/wp-content\/uploads\/2015\/02\/IND_application_falcon_falconxl_01.png\"><img loading=\"lazy\" decoding=\"async\" class=\"alignnone wp-image-2458\" src=\"http:\/\/eret-tortechnik.de\/wp-content\/uploads\/2015\/02\/IND_application_falcon_falconxl_01-300x236.png\" alt=\"IND_application_falcon_falconxl_01\" width=\"191\" height=\"150\" srcset=\"https:\/\/eret-tortechnik.de\/wp-content\/uploads\/2015\/02\/IND_application_falcon_falconxl_01-300x236.png 300w, https:\/\/eret-tortechnik.de\/wp-content\/uploads\/2015\/02\/IND_application_falcon_falconxl_01-1024x806.png 1024w\" sizes=\"(max-width: 191px) 100vw, 191px\" \/><\/a><\/td>\n<\/tr>\n<tr>\n<td style=\"text-align: left;\">\n<h3 style=\"text-align: right;\">3. Vorfeld-Absicherung (Pr\u00e4senz-Meldung)<\/h3>\n<p style=\"text-align: right;\">H\u00e4lt das Tor ge\u00f6ffnet, solange sich Personen, Fahrzeuge oder andere Gegenst\u00e4nde im &#8222;Sicherheitsbereich&#8220; des Tores befinden. So wird verhindert, da\u00df z.B. Gabelstapler in das schlie\u00dfende Tor Fahren und Besch\u00e4digungen verursachen.<\/p>\n<p>&nbsp;<\/td>\n<td><a href=\"http:\/\/eret-tortechnik.de\/wp-content\/uploads\/2015\/02\/IND_application_milan_05.png\"><img loading=\"lazy\" decoding=\"async\" class=\"alignnone wp-image-2459\" src=\"http:\/\/eret-tortechnik.de\/wp-content\/uploads\/2015\/02\/IND_application_milan_05-245x300.png\" alt=\"IND_application_milan_05\" width=\"122\" height=\"150\" srcset=\"https:\/\/eret-tortechnik.de\/wp-content\/uploads\/2015\/02\/IND_application_milan_05-245x300.png 245w, https:\/\/eret-tortechnik.de\/wp-content\/uploads\/2015\/02\/IND_application_milan_05-836x1024.png 836w, https:\/\/eret-tortechnik.de\/wp-content\/uploads\/2015\/02\/IND_application_milan_05.png 1252w\" sizes=\"(max-width: 122px) 100vw, 122px\" \/><\/a><\/td>\n<\/tr>\n<tr>\n<td style=\"text-align: left;\">\n<h3 style=\"text-align: right;\">Vorfeld-Absicherung &#8222;PLUS&#8220;<\/h3>\n<p style=\"text-align: right;\">das Kombiger\u00e4t. Es vereint alle Funktionen 1-3 in einem Geh\u00e4use.<br \/>\nGeeignet f\u00fcr Au\u00dfen- und Innenmontage.<\/p>\n<\/td>\n<td><a href=\"http:\/\/eret-tortechnik.de\/wp-content\/uploads\/2015\/02\/IND_application_condor_condorxl_01.png\"><img loading=\"lazy\" decoding=\"async\" class=\"alignnone wp-image-2460\" src=\"http:\/\/eret-tortechnik.de\/wp-content\/uploads\/2015\/02\/IND_application_condor_condorxl_01-300x238.png\" alt=\"IND_application_condor_condorxl_01\" width=\"189\" height=\"150\" srcset=\"https:\/\/eret-tortechnik.de\/wp-content\/uploads\/2015\/02\/IND_application_condor_condorxl_01-300x238.png 300w, https:\/\/eret-tortechnik.de\/wp-content\/uploads\/2015\/02\/IND_application_condor_condorxl_01-1024x813.png 1024w\" sizes=\"(max-width: 189px) 100vw, 189px\" \/><\/a><\/td>\n<\/tr>\n<\/tbody>\n<\/table>\n<h1>\u00a0<a href=\"http:\/\/eret-tortechnik.de\/wp-content\/uploads\/2015\/02\/CONDOR-2.png\"><img loading=\"lazy\" decoding=\"async\" class=\" size-medium wp-image-2461 aligncenter\" src=\"http:\/\/eret-tortechnik.de\/wp-content\/uploads\/2015\/02\/CONDOR-2-300x265.png\" alt=\"CONDOR-2\" width=\"300\" height=\"265\" srcset=\"https:\/\/eret-tortechnik.de\/wp-content\/uploads\/2015\/02\/CONDOR-2-300x265.png 300w, https:\/\/eret-tortechnik.de\/wp-content\/uploads\/2015\/02\/CONDOR-2.png 590w\" sizes=\"(max-width: 300px) 100vw, 300px\" \/><\/a><\/h1>\n<p>&nbsp;<\/p>\n<p>&nbsp;[\/et_pb_text][\/et_pb_column]<br \/>\n\t\t\t[\/et_pb_row]<br \/>\n\t\t[\/et_pb_section]<\/p>\n","protected":false},"excerpt":{"rendered":"<p>Vorfeld &#8211; Absicherung &#8222;PLUS&#8220; &#8222;Automatisches \u00d6ffnen und aktiver Vorfeld-Schutz&#8220; Sofortiges Schlie\u00dfen nach Durchfahren der \u00d6ffnung &nbsp; Vorfeld-Sicherung &#8222;PLUS&#8220; beinhaltet: beidseitige,\u00a0richtungserkennende Radar-Bewegungsmelder \u00f6ffnen das Tor beidseitige\u00a0Infrarot-Pr\u00e4senzmelder sichern das Umfeld des Tores ab Durch diesen kombinierten Einsatz wird das Tor bei Ann\u00e4herung schnell ge\u00f6ffnet und genau so lange offen gehalten, wie der Transport es erfordert. Anschlie\u00dfend ohne [&hellip;]<\/p>\n","protected":false},"author":4,"featured_media":0,"parent":0,"menu_order":0,"comment_status":"closed","ping_status":"closed","template":"","meta":{"_acf_changed":false,"_et_pb_use_builder":"on","_et_pb_old_content":"<h1><img class=\" wp-image-2295 alignleft\" src=\"http:\/\/eret-tortechnik.de\/wp-content\/uploads\/2015\/01\/vorfeldsicherung_plus-300x300.jpg\" alt=\"vorfeldsicherung_plus\" width=\"200\" height=\"200\" \/><a href=\"http:\/\/eret-tortechnik.de\/wp-content\/uploads\/2015\/09\/Vorfeldabsicherung_plus_condor_eret.pdf\"><img class=\"wp-image-3143 alignright\" src=\"http:\/\/eret-tortechnik.de\/wp-content\/uploads\/2015\/09\/Bildschirmfoto-2015-09-04-um-10.37.07-212x300.png\" alt=\"Bildschirmfoto 2015-09-04 um 10.37.07\" width=\"250\" height=\"354\" \/><\/a>\r\nVorfeld - Absicherung \"PLUS\"<\/h1>\r\n<h2>\"Automatisches \u00d6ffnen und aktiver Vorfeld-Schutz\"<\/h2>\r\n<h2>Sofortiges Schlie\u00dfen nach Durchfahren der \u00d6ffnung<\/h2>\r\n&nbsp;\r\n\r\nVorfeld-Sicherung \"PLUS\" beinhaltet:\r\n<ul>\r\n \t<li style=\"text-align: left;\">beidseitige,\u00a0richtungserkennende Radar-Bewegungsmelder \u00f6ffnen das Tor<\/li>\r\n \t<li style=\"text-align: left;\">beidseitige\u00a0Infrarot-Pr\u00e4senzmelder sichern das Umfeld des Tores ab<\/li>\r\n<\/ul>\r\nDurch diesen kombinierten Einsatz wird das Tor bei Ann\u00e4herung schnell ge\u00f6ffnet und genau so lange offen gehalten, wie der Transport es erfordert. Anschlie\u00dfend ohne Zeitverz\u00f6gerung geschlossen. Die Pr\u00e4senz im direkten Umfeld des Tores wird dabei ber\u00fccksichtigt.\r\n<ul>\r\n \t<li style=\"text-align: left;\">incl. 2 Befestigungs-Konsolen, L=300 mm zur Wand- und Deckenmontage<\/li>\r\n \t<li style=\"text-align: left;\">incl. Kabelsatz zum Anschluss an TS971, TS981, FUEx u.a.<\/li>\r\n \t<li style=\"text-align: left;\">incl. ggf. verst\u00e4rkter Trafo zur Spannungsversorgung<\/li>\r\n \t<li style=\"text-align: left;\">platzsparend: Radar und Infrarot als Kombiger\u00e4t in einer Einheit<\/li>\r\n<\/ul>\r\n<table>\r\n<tbody>\r\n<tr>\r\n<td>\r\n<h1 style=\"text-align: left;\">Funktion(en):<\/h1>\r\n<\/td>\r\n<td><\/td>\r\n<\/tr>\r\n<tr>\r\n<td style=\"text-align: left;\">\r\n<h3 style=\"text-align: right;\">1. Radar Bewegungsmelder, richtungserkennend<\/h3>\r\n<p style=\"text-align: right;\">Erkennt auf das Tor zufahrenden Verkehr und Personen und \u00f6ffnet das Tor.<\/p>\r\n<\/td>\r\n<td><a href=\"http:\/\/eret-tortechnik.de\/wp-content\/uploads\/2015\/02\/IND_application_falcon_falconxl_05.png\"><img class=\"alignnone wp-image-2456\" src=\"http:\/\/eret-tortechnik.de\/wp-content\/uploads\/2015\/02\/IND_application_falcon_falconxl_05-275x300.png\" alt=\"IND_application_falcon_falconxl_05\" width=\"137\" height=\"150\" \/><\/a><\/td>\r\n<\/tr>\r\n<tr>\r\n<td style=\"text-align: left;\">\r\n<h3 style=\"text-align: right;\">2. Querverkehr<\/h3>\r\n<p style=\"text-align: right;\">Parallel zum Tor gehender Verkehr kann (weitgehend) ausgeblendet werden. Das Tor \u00f6ffnet nicht.<\/p>\r\n<\/td>\r\n<td><a href=\"http:\/\/eret-tortechnik.de\/wp-content\/uploads\/2015\/02\/IND_application_falcon_falconxl_01.png\"><img class=\"alignnone wp-image-2458\" src=\"http:\/\/eret-tortechnik.de\/wp-content\/uploads\/2015\/02\/IND_application_falcon_falconxl_01-300x236.png\" alt=\"IND_application_falcon_falconxl_01\" width=\"191\" height=\"150\" \/><\/a><\/td>\r\n<\/tr>\r\n<tr>\r\n<td style=\"text-align: left;\">\r\n<h3 style=\"text-align: right;\">3. Vorfeld-Absicherung (Pr\u00e4senz-Meldung)<\/h3>\r\n<p style=\"text-align: right;\">H\u00e4lt das Tor ge\u00f6ffnet, solange sich Personen, Fahrzeuge oder andere Gegenst\u00e4nde im \"Sicherheitsbereich\" des Tores befinden. So wird verhindert, da\u00df z.B. Gabelstapler in das schlie\u00dfende Tor Fahren und Besch\u00e4digungen verursachen.<\/p>\r\n&nbsp;<\/td>\r\n<td><a href=\"http:\/\/eret-tortechnik.de\/wp-content\/uploads\/2015\/02\/IND_application_milan_05.png\"><img class=\"alignnone wp-image-2459\" src=\"http:\/\/eret-tortechnik.de\/wp-content\/uploads\/2015\/02\/IND_application_milan_05-245x300.png\" alt=\"IND_application_milan_05\" width=\"122\" height=\"150\" \/><\/a><\/td>\r\n<\/tr>\r\n<tr>\r\n<td style=\"text-align: left;\">\r\n<h3 style=\"text-align: right;\">Vorfeld-Absicherung \"PLUS\"<\/h3>\r\n<p style=\"text-align: right;\">das Kombiger\u00e4t. Es vereint alle Funktionen 1-3 in einem Geh\u00e4use.\r\nGeeignet f\u00fcr Au\u00dfen- und Innenmontage.<\/p>\r\n<\/td>\r\n<td><a href=\"http:\/\/eret-tortechnik.de\/wp-content\/uploads\/2015\/02\/IND_application_condor_condorxl_01.png\"><img class=\"alignnone wp-image-2460\" src=\"http:\/\/eret-tortechnik.de\/wp-content\/uploads\/2015\/02\/IND_application_condor_condorxl_01-300x238.png\" alt=\"IND_application_condor_condorxl_01\" width=\"189\" height=\"150\" \/><\/a><\/td>\r\n<\/tr>\r\n<\/tbody>\r\n<\/table>\r\n<h1>\u00a0<a href=\"http:\/\/eret-tortechnik.de\/wp-content\/uploads\/2015\/02\/CONDOR-2.png\"><img class=\" size-medium wp-image-2461 aligncenter\" src=\"http:\/\/eret-tortechnik.de\/wp-content\/uploads\/2015\/02\/CONDOR-2-300x265.png\" alt=\"CONDOR-2\" width=\"300\" height=\"265\" \/><\/a><\/h1>\r\n&nbsp;\r\n\r\n&nbsp;","_et_gb_content_width":"","footnotes":""},"acf":[],"yoast_head":"<!-- This site is optimized with the Yoast SEO plugin v23.5 - https:\/\/yoast.com\/wordpress\/plugins\/seo\/ -->\n<title>Vorfeldabsicherung plus f\u00fcr schnelllauftore - ProLine und AluLine Schnelllauftore<\/title>\n<meta name=\"robots\" content=\"index, follow, max-snippet:-1, max-image-preview:large, max-video-preview:-1\" \/>\n<link rel=\"canonical\" href=\"https:\/\/eret-tortechnik.de\/en\/vorfeldabsicherung-plus-fuer-schnelllauftore\/\" \/>\n<meta property=\"og:locale\" content=\"en_GB\" \/>\n<meta property=\"og:type\" content=\"article\" \/>\n<meta property=\"og:title\" content=\"Vorfeldabsicherung plus f\u00fcr schnelllauftore - ProLine und AluLine Schnelllauftore\" \/>\n<meta property=\"og:description\" content=\"Vorfeld - Absicherung &quot;PLUS&quot; &quot;Automatisches \u00d6ffnen und aktiver Vorfeld-Schutz&quot; Sofortiges Schlie\u00dfen nach Durchfahren der \u00d6ffnung &nbsp; Vorfeld-Sicherung &quot;PLUS&quot; beinhaltet: beidseitige,\u00a0richtungserkennende Radar-Bewegungsmelder \u00f6ffnen das Tor beidseitige\u00a0Infrarot-Pr\u00e4senzmelder sichern das Umfeld des Tores ab Durch diesen kombinierten Einsatz wird das Tor bei Ann\u00e4herung schnell ge\u00f6ffnet und genau so lange offen gehalten, wie der Transport es erfordert. Anschlie\u00dfend ohne [&hellip;]\" \/>\n<meta property=\"og:url\" content=\"https:\/\/eret-tortechnik.de\/en\/vorfeldabsicherung-plus-fuer-schnelllauftore\/\" \/>\n<meta property=\"og:site_name\" content=\"ProLine und AluLine Schnelllauftore\" \/>\n<meta property=\"article:publisher\" content=\"https:\/\/www.facebook.com\/SchwaebischeTormanufaktur\" \/>\n<meta property=\"article:modified_time\" content=\"2021-03-04T10:51:55+00:00\" \/>\n<meta property=\"og:image\" content=\"http:\/\/eret-tortechnik.de\/wp-content\/uploads\/2015\/01\/vorfeldsicherung_plus-300x300.jpg\" \/>\n<meta name=\"twitter:card\" content=\"summary_large_image\" \/>\n<meta name=\"twitter:label1\" content=\"Estimated reading time\" \/>\n\t<meta name=\"twitter:data1\" content=\"1 minute\" \/>\n<script type=\"application\/ld+json\" class=\"yoast-schema-graph\">{\"@context\":\"https:\/\/schema.org\",\"@graph\":[{\"@type\":\"WebPage\",\"@id\":\"https:\/\/eret-tortechnik.de\/vorfeldabsicherung-plus-fuer-schnelllauftore\/\",\"url\":\"https:\/\/eret-tortechnik.de\/vorfeldabsicherung-plus-fuer-schnelllauftore\/\",\"name\":\"Vorfeldabsicherung plus f\u00fcr schnelllauftore - ProLine und AluLine Schnelllauftore\",\"isPartOf\":{\"@id\":\"https:\/\/eret-tortechnik.de\/#website\"},\"primaryImageOfPage\":{\"@id\":\"https:\/\/eret-tortechnik.de\/vorfeldabsicherung-plus-fuer-schnelllauftore\/#primaryimage\"},\"image\":{\"@id\":\"https:\/\/eret-tortechnik.de\/vorfeldabsicherung-plus-fuer-schnelllauftore\/#primaryimage\"},\"thumbnailUrl\":\"http:\/\/eret-tortechnik.de\/wp-content\/uploads\/2015\/01\/vorfeldsicherung_plus-300x300.jpg\",\"datePublished\":\"2015-02-04T18:32:54+00:00\",\"dateModified\":\"2021-03-04T10:51:55+00:00\",\"breadcrumb\":{\"@id\":\"https:\/\/eret-tortechnik.de\/vorfeldabsicherung-plus-fuer-schnelllauftore\/#breadcrumb\"},\"inLanguage\":\"en-GB\",\"potentialAction\":[{\"@type\":\"ReadAction\",\"target\":[\"https:\/\/eret-tortechnik.de\/vorfeldabsicherung-plus-fuer-schnelllauftore\/\"]}]},{\"@type\":\"ImageObject\",\"inLanguage\":\"en-GB\",\"@id\":\"https:\/\/eret-tortechnik.de\/vorfeldabsicherung-plus-fuer-schnelllauftore\/#primaryimage\",\"url\":\"http:\/\/eret-tortechnik.de\/wp-content\/uploads\/2015\/01\/vorfeldsicherung_plus-300x300.jpg\",\"contentUrl\":\"http:\/\/eret-tortechnik.de\/wp-content\/uploads\/2015\/01\/vorfeldsicherung_plus-300x300.jpg\"},{\"@type\":\"BreadcrumbList\",\"@id\":\"https:\/\/eret-tortechnik.de\/vorfeldabsicherung-plus-fuer-schnelllauftore\/#breadcrumb\",\"itemListElement\":[{\"@type\":\"ListItem\",\"position\":1,\"name\":\"Startseite\",\"item\":\"https:\/\/eret-tortechnik.de\/\"},{\"@type\":\"ListItem\",\"position\":2,\"name\":\"Vorfeldabsicherung plus f\u00fcr schnelllauftore\"}]},{\"@type\":\"WebSite\",\"@id\":\"https:\/\/eret-tortechnik.de\/#website\",\"url\":\"https:\/\/eret-tortechnik.de\/\",\"name\":\"ProLine und AluLine Schnelllauftore\",\"description\":\"Alu-Schnelllauftore  |  flexible Schnelllauftore  |  Design Rolltore  |  individueller Torbau\",\"publisher\":{\"@id\":\"https:\/\/eret-tortechnik.de\/#organization\"},\"potentialAction\":[{\"@type\":\"SearchAction\",\"target\":{\"@type\":\"EntryPoint\",\"urlTemplate\":\"https:\/\/eret-tortechnik.de\/?s={search_term_string}\"},\"query-input\":{\"@type\":\"PropertyValueSpecification\",\"valueRequired\":true,\"valueName\":\"search_term_string\"}}],\"inLanguage\":\"en-GB\"},{\"@type\":\"Organization\",\"@id\":\"https:\/\/eret-tortechnik.de\/#organization\",\"name\":\"ERET-Tortechnik GmbH - Schnelllauftore\",\"url\":\"https:\/\/eret-tortechnik.de\/\",\"logo\":{\"@type\":\"ImageObject\",\"inLanguage\":\"en-GB\",\"@id\":\"https:\/\/eret-tortechnik.de\/#\/schema\/logo\/image\/\",\"url\":\"https:\/\/eret-tortechnik.de\/wp-content\/uploads\/2020\/12\/cropped-eret-logo-500-min.jpg\",\"contentUrl\":\"https:\/\/eret-tortechnik.de\/wp-content\/uploads\/2020\/12\/cropped-eret-logo-500-min.jpg\",\"width\":512,\"height\":512,\"caption\":\"ERET-Tortechnik GmbH - Schnelllauftore\"},\"image\":{\"@id\":\"https:\/\/eret-tortechnik.de\/#\/schema\/logo\/image\/\"},\"sameAs\":[\"https:\/\/www.facebook.com\/SchwaebischeTormanufaktur\"]}]}<\/script>\n<!-- \/ Yoast SEO plugin. -->","yoast_head_json":{"title":"Vorfeldabsicherung plus f\u00fcr schnelllauftore - ProLine und AluLine Schnelllauftore","robots":{"index":"index","follow":"follow","max-snippet":"max-snippet:-1","max-image-preview":"max-image-preview:large","max-video-preview":"max-video-preview:-1"},"canonical":"https:\/\/eret-tortechnik.de\/en\/vorfeldabsicherung-plus-fuer-schnelllauftore\/","og_locale":"en_GB","og_type":"article","og_title":"Vorfeldabsicherung plus f\u00fcr schnelllauftore - ProLine und AluLine Schnelllauftore","og_description":"Vorfeld - Absicherung \"PLUS\" \"Automatisches \u00d6ffnen und aktiver Vorfeld-Schutz\" Sofortiges Schlie\u00dfen nach Durchfahren der \u00d6ffnung &nbsp; Vorfeld-Sicherung \"PLUS\" beinhaltet: beidseitige,\u00a0richtungserkennende Radar-Bewegungsmelder \u00f6ffnen das Tor beidseitige\u00a0Infrarot-Pr\u00e4senzmelder sichern das Umfeld des Tores ab Durch diesen kombinierten Einsatz wird das Tor bei Ann\u00e4herung schnell ge\u00f6ffnet und genau so lange offen gehalten, wie der Transport es erfordert. Anschlie\u00dfend ohne [&hellip;]","og_url":"https:\/\/eret-tortechnik.de\/en\/vorfeldabsicherung-plus-fuer-schnelllauftore\/","og_site_name":"ProLine und AluLine Schnelllauftore","article_publisher":"https:\/\/www.facebook.com\/SchwaebischeTormanufaktur","article_modified_time":"2021-03-04T10:51:55+00:00","og_image":[{"url":"http:\/\/eret-tortechnik.de\/wp-content\/uploads\/2015\/01\/vorfeldsicherung_plus-300x300.jpg"}],"twitter_card":"summary_large_image","twitter_misc":{"Estimated reading time":"1 minute"},"schema":{"@context":"https:\/\/schema.org","@graph":[{"@type":"WebPage","@id":"https:\/\/eret-tortechnik.de\/vorfeldabsicherung-plus-fuer-schnelllauftore\/","url":"https:\/\/eret-tortechnik.de\/vorfeldabsicherung-plus-fuer-schnelllauftore\/","name":"Vorfeldabsicherung plus f\u00fcr schnelllauftore - ProLine und AluLine Schnelllauftore","isPartOf":{"@id":"https:\/\/eret-tortechnik.de\/#website"},"primaryImageOfPage":{"@id":"https:\/\/eret-tortechnik.de\/vorfeldabsicherung-plus-fuer-schnelllauftore\/#primaryimage"},"image":{"@id":"https:\/\/eret-tortechnik.de\/vorfeldabsicherung-plus-fuer-schnelllauftore\/#primaryimage"},"thumbnailUrl":"http:\/\/eret-tortechnik.de\/wp-content\/uploads\/2015\/01\/vorfeldsicherung_plus-300x300.jpg","datePublished":"2015-02-04T18:32:54+00:00","dateModified":"2021-03-04T10:51:55+00:00","breadcrumb":{"@id":"https:\/\/eret-tortechnik.de\/vorfeldabsicherung-plus-fuer-schnelllauftore\/#breadcrumb"},"inLanguage":"en-GB","potentialAction":[{"@type":"ReadAction","target":["https:\/\/eret-tortechnik.de\/vorfeldabsicherung-plus-fuer-schnelllauftore\/"]}]},{"@type":"ImageObject","inLanguage":"en-GB","@id":"https:\/\/eret-tortechnik.de\/vorfeldabsicherung-plus-fuer-schnelllauftore\/#primaryimage","url":"http:\/\/eret-tortechnik.de\/wp-content\/uploads\/2015\/01\/vorfeldsicherung_plus-300x300.jpg","contentUrl":"http:\/\/eret-tortechnik.de\/wp-content\/uploads\/2015\/01\/vorfeldsicherung_plus-300x300.jpg"},{"@type":"BreadcrumbList","@id":"https:\/\/eret-tortechnik.de\/vorfeldabsicherung-plus-fuer-schnelllauftore\/#breadcrumb","itemListElement":[{"@type":"ListItem","position":1,"name":"Startseite","item":"https:\/\/eret-tortechnik.de\/"},{"@type":"ListItem","position":2,"name":"Vorfeldabsicherung plus f\u00fcr schnelllauftore"}]},{"@type":"WebSite","@id":"https:\/\/eret-tortechnik.de\/#website","url":"https:\/\/eret-tortechnik.de\/","name":"ProLine und AluLine Schnelllauftore","description":"Alu-Schnelllauftore  |  flexible Schnelllauftore  |  Design Rolltore  |  individueller Torbau","publisher":{"@id":"https:\/\/eret-tortechnik.de\/#organization"},"potentialAction":[{"@type":"SearchAction","target":{"@type":"EntryPoint","urlTemplate":"https:\/\/eret-tortechnik.de\/?s={search_term_string}"},"query-input":{"@type":"PropertyValueSpecification","valueRequired":true,"valueName":"search_term_string"}}],"inLanguage":"en-GB"},{"@type":"Organization","@id":"https:\/\/eret-tortechnik.de\/#organization","name":"ERET-Tortechnik GmbH - Schnelllauftore","url":"https:\/\/eret-tortechnik.de\/","logo":{"@type":"ImageObject","inLanguage":"en-GB","@id":"https:\/\/eret-tortechnik.de\/#\/schema\/logo\/image\/","url":"https:\/\/eret-tortechnik.de\/wp-content\/uploads\/2020\/12\/cropped-eret-logo-500-min.jpg","contentUrl":"https:\/\/eret-tortechnik.de\/wp-content\/uploads\/2020\/12\/cropped-eret-logo-500-min.jpg","width":512,"height":512,"caption":"ERET-Tortechnik GmbH - Schnelllauftore"},"image":{"@id":"https:\/\/eret-tortechnik.de\/#\/schema\/logo\/image\/"},"sameAs":["https:\/\/www.facebook.com\/SchwaebischeTormanufaktur"]}]}},"_links":{"self":[{"href":"https:\/\/eret-tortechnik.de\/en\/wp-json\/wp\/v2\/pages\/2455"}],"collection":[{"href":"https:\/\/eret-tortechnik.de\/en\/wp-json\/wp\/v2\/pages"}],"about":[{"href":"https:\/\/eret-tortechnik.de\/en\/wp-json\/wp\/v2\/types\/page"}],"author":[{"embeddable":true,"href":"https:\/\/eret-tortechnik.de\/en\/wp-json\/wp\/v2\/users\/4"}],"replies":[{"embeddable":true,"href":"https:\/\/eret-tortechnik.de\/en\/wp-json\/wp\/v2\/comments?post=2455"}],"version-history":[{"count":0,"href":"https:\/\/eret-tortechnik.de\/en\/wp-json\/wp\/v2\/pages\/2455\/revisions"}],"wp:attachment":[{"href":"https:\/\/eret-tortechnik.de\/en\/wp-json\/wp\/v2\/media?parent=2455"}],"curies":[{"name":"wp","href":"https:\/\/api.w.org\/{rel}","templated":true}]}}